{"id":99247,"date":"2014-04-14T09:27:12","date_gmt":"2014-04-14T07:27:12","guid":{"rendered":"http:\/\/friedel-ammann.com\/wp\/?page_id=99247"},"modified":"2021-03-22T10:51:17","modified_gmt":"2021-03-22T08:51:17","slug":"biografie","status":"publish","type":"page","link":"https:\/\/friedel-ammann.com\/wp\/?page_id=99247","title":{"rendered":"Biografie"},"content":{"rendered":"<p>Friedel Ammann wurde 1959 in Basel geboren. Nach der Schulzeit und den Lehrjahren begann er 1977 mit Extremklettern und Alpinismus.1981 startete er seine ersten Reisen mit dem Velo quer durch Europa, sp\u00e4ter weltweit: Tunesien, Algerien, Malawi, Senegal, S\u00fcdafrika, Indonesien, Philippinen, Afghanistan, die Fotokamera immer dabei.<\/p>\n<p>Friedel Ammann lernte dank Hilfe befreundeter Fotografen, durch Fachliteratur und intensiver Dunkelkammerarbeit das fotografische Handwerk. Er studierte insbesondere die Arbeiten von Ansel Adams, Henri Cartier-Bresson, Josef Koudelka und Werner Bischof. Friedel Ammann besitzt bis heute keine formal bescheinigten Qualifikationen als Fotograf.<\/p>\n<p>1985 Mitgr\u00fcnder des Reiseausr\u00fcsters Transa Backpacking Basel, dabei lernte er Werk und Biografie von Richard Buckminster Fuller und Bill Moss kennen. Moss \u2013 Museum of Modern Art, New York: \u00abEin Zelt ist f\u00fcr mich ein moderner Kunstgegenstand, in den man hineingehen kann\u00bb. Als Hommage stellte Friedel Ammann 1989 im Kunstmuseum Basel zwischen Kunstwerken von Rodin und Hans Arp deren geod\u00e4tische und anthropometrische Zelte aus.<\/p>\n<p>1999 \u00fcbernahm er die GL bei VELOCITY Dolphin Electric Bikes, Aufbau Vertriebsnetz, Marketing, Fundraising.<\/p>\n<p>2000 folgten erste Reportagefotografie\u2013Arbeiten und Publikationen in diversen Medien in der Schweiz.<\/p>\n<p>2001 startete er sein Hilfsprojekt in Manila: \u00abDie Rosen von Metro Manila\u00bb.<\/p>\n<p>Nach den Terroranschl\u00e4gen in New York am 11. September 2001 erhielt Friedel Ammann von National Geographic die Anfrage, das Afghanistan-Institut in Bubendorf bei Basel zu dokumentieren.<\/p>\n<p>2002 reiste er f\u00fcr sein Hilfsprojekt \u00abThiaba\u00bb nach Dakar, Senegal.<\/p>\n<p>2005 reiste er im Auftrag der Unesco nach Afghanistan.<\/p>\n<p>2007 reiste er wiederum nach Afghanistan und fotografierte dort f\u00fcr eine Hilfsorganisation.<\/p>\n<p>2008 Fotoreportage im Oman<\/p>\n<p>2009 Veloreise durch S\u00fcditalien<\/p>\n<p>2010 Tour de France mit dem Velo<\/p>\n<p>2010 www.fotografiearchiv.ch &#8211; Eigenes Bildarchiv Online<\/p>\n<p>2011 Nach Fukushima im M\u00e4rz: Velo-Reise durch Japan.<\/p>\n<p>2012 Reise durch Indonesien<\/p>\n<p>2013 Fotoreportage Israel<\/p>\n<p>2014 Reportagereise durch S\u00fcdeuropa: Portugal, Spanien, Italien, Griechenland<\/p>\n<p>2015 Madagaskar &#8211; Fotoreportage<\/p>\n<p>2016 Korsika, Italien &#8211; Fotoreportage<\/p>\n<p>2017 Polen, Slowakei &#8211; Auftragsreise<\/p>\n<p>2018 Cambridge, Oxford &#8211; Fotoreportage<\/p>\n<p>2019 Irland, Dolomiten &#8211; Fotoreportage<\/p>\n<p>2020 Corona Jahr &#8211; Fotoreportage<\/p>\n<p>&nbsp;<\/p>\n<h1><strong>Biography<\/strong><\/h1>\n<hr class=\"pixcode  pixcode--separator  separator\"\/>\n<p>Friedel Ammann was born 1959 in Basel. After his school years and an apprenticeship he began in 1977 with extreme climbing and Alpinism.<\/p>\n<p>1981 he started his first journey by bicycle across Europe. Later on he toured different countries in the world. His camera was always with him.<\/p>\n<p>Friedel Ammann learned his photographic art through assistance of friendly photographers, through reading technical literature and his intensive darkroom work.\u2028He studied in particular the work of Ansel Adam, Henri Cartier-Bresson, Josef Koudelka and Werner Bishop.\u2028Friedel Ammann holds no certified qualification as a photographer up to this day.<\/p>\n<p>1985 as co-founder of the outdoor company Transa Backpacking Basel he became acquainted with the work and biography of Richard Buckminster Fuller and Bill Moss.\u2028Moss: \u201cA tent to me is a piece of sculpture that you get into.\u201d<\/p>\n<p>To pay homage to the two men, Friedel Ammann displayed their geodetic domes and anthropometrical tents at the Museum of Art Basel in between the art of Rodin and Hans Arp.<\/p>\n<p>1999 General Management VELOCITY Dolphin Electric Bike, set up sales network, marketing and fundraising<\/p>\n<p>2000 first photographic coverage work and publication in various media in Switzerland<\/p>\n<p>2001 Aid project in Manila \u201cThe roses of Metro-Manila\u201d<\/p>\n<p>After the terrorists attacks of September 11th, 2001 Friedel Ammann was asked by the magazine \u201cNational Geographic\u201d to document the Institute for Afghanistan residing in a village close to Basel.<\/p>\n<p>2002 travel to Senegal for his aid project \u201cThiaba\u201d<\/p>\n<p>2005 travel to Afghanistan on behalf of UNESCO<\/p>\n<p>2007 Photographic coverage in Afghanistan for a relief organization<\/p>\n<p>2008 Photographic coverage in Oman<\/p>\n<p>2009 bicycle tour through the south of Italy<\/p>\n<p>2010 \u201cTour de France\u201d by bicycle<\/p>\n<p>2010 www.fotografiearchiv.ch &#8211; launch of Friedel Ammann photographic archive<\/p>\n<p>2011 after Fukushima March 11th, bicycle tour through Japan<\/p>\n<p>2012 traveltrough Indonesia<\/p>\n<p>2013 Photographic coverage Israel<\/p>\n<p>2014 Reportage trip through Southern Europe: Portugal, Spain, Italy, Greece<\/p>\n<p>2015 Madagascar &#8211; photo reportage<\/p>\n<p>2016 Corsica, Italy &#8211; photo reportage<\/p>\n<p>2017 Poland, Slovakia &#8211; commissioned trip<\/p>\n<p>2018 Cambridge, Oxford &#8211; photo reportage<\/p>\n<p>2019 Ireland, Dolomites &#8211; photo reportage<\/p>\n<p>2020 Corona year &#8211; photo reportage<\/p>\n<p><b><b><\/b><br \/>\n<\/b><\/p>\n<h2><strong>Fotowettbewerbe und Pr\u00e4mierungen<\/strong><\/h2>\n<p>2006 NIKON NEWS Thema \u00abKunst\u00bb: Pr\u00e4miert und ausgezeichnet<\/p>\n<p>2005 Swiss Press: Kategorie Kunst und Kultur nominiert<\/p>\n<p>2003 SCHWEIZER PRESSEFOTO AWARD: 2. Rang Kategorie Reportagen, 1. Rang Kategorie Open Gallery, Pressefoto des Jahres: 2.Rang Swiss Press: Kategorie Reportagen nominiert, UNICEF \/ NIKON NPCI: 3. Rang, UNESCO Foto des Jahres: Pr\u00e4miert und ausgezeichnet,<\/p>\n<p>2002 SCHWEIZER PRESSEFOTO AWARD: 7 Nominationen, 1. Rang Kategorie Ausland, 2. Rang Kategorie Schweiz, 1. Rang Kategorie Open Gallery und Pressefoto des Jahres 2002<\/p>\n<p>1999 SCHWEIZER PRESSEFOTO AWARD: 3 Nominationen<\/p>\n<p>1998 Naturhistorisches Museum Fribourg, Thema \u00abDer Wald\u00bb: 5 Nominationen<\/p>\n<p>1995 fotoMAGAZIN \/ STERN \u00abTrue Story\u00bb<\/p>\n<p>1995 RAVAGE KletterMagazin Fotowettbewerb 1. Rang<\/p>\n<p>&nbsp;<\/p>\n<h2><strong>Fotoausstellungen \/ Buchlesungen<\/strong><\/h2>\n<p>2021 \u00a0 SECONDE VUE Fotoausstellung &#8211; ARTree Gallery<\/p>\n<p>2020 \u00a0\u00a0SECONDE VUE Fotoausstellung &#8211; ARTree Gallery<\/p>\n<p>2019 \u00a0 Buchlesung,\u00a0Hotel\u00a0Ascot, Z\u00fcrich<\/p>\n<p>2018 \u00a0\u00a0Buchlesung, Hotel Basel, Wettsteinsaal Basel<\/p>\n<p>2018 \u00a0 Buchlesung in der Galerie Carzaniga<\/p>\n<p>2017 \u00a0 Buchpr\u00e4sentation, Vernissage &#8222;T\u00eate \u00e0\u00a0T\u00eate\u201c in der Reithalle Wenkenhof<\/p>\n<p>2013 Ramstein Optik \u00abT\u00eate \u00e0 T\u00eate\u00bb<\/p>\n<p>2011 Open Air Fotoausstellung \u00abFrauen \/ Women \/ Femmes \/ Donne\u00bb &#8211; im Garten der mission 21, Basel<\/p>\n<p>2006 Open Air Fotoausstellung \u00abAfghanistan\u00bb &#8211; Universit\u00e4t Irchel Z\u00fcrich, M\u00fcnsterplatz Basel, Afghanistan-Museum Bubendorf<\/p>\n<p>2005 Open Air Fotoausstellung \u00abModern Times\u00bb &#8211; TEUFELHOF Basel<\/p>\n<p>2004 Open Air Fotoausstellung \u00abThiaba\u00bb &#8211; Universit\u00e4tsspital Basel<\/p>\n<p>2003 Open Air Fotoausstellung \u00abDie Rosen von Metro Manila\u00bb &#8211; Kulturfloss Basel Fotoausstellung \u00abThiaba\u00bb &#8211; Literaturhaus Basel,<\/p>\n<p>2002 Fotoausstellung \u00abReportagen aus der Schweiz\u00bb &#8211; RAMSTEIN Basel Fotoausstellung \u00abStrandgut\u00bb &#8211; TEUFELHOF Basel<\/p>\n<p>2001 Fotoausstellung \u00abViva Italia\u00bb &#8211; Ringierhaus Z\u00fcrich Fotoausstellung \u00abPlakativ\u00bb &#8211; Speleo Projects &#8211; Allschwil<\/p>\n<p>1999 Fotoausstellung \u00abHeimsuchungen in der Schweiz\u00bb &#8211; Deutsch-Franz\u00f6sisches Kulturinstitut Aachen, Schweizerisches Generalkonsulat D\u00fcsseldorf<\/p>\n<p>&nbsp;<\/p>\n<h2><strong>Medien<\/strong><\/h2>\n<p>Aargauer Zeitung<br \/>\nArt Collector<br \/>\nartMagazin<br \/>\nBasler Stadtbuch, Christoph Merian Stiftung<br \/>\nBernerzeitung<br \/>\nBild der Wissenschaft<br \/>\nbz BASELLANDSCHAFTLICHE ZEITUNG<br \/>\nDAS KUNSTJAHR<br \/>\nDer Beobachter<br \/>\nDer Sonntag<br \/>\nDER SPIEGEL<br \/>\nDER STERN<br \/>\nDIE ZEIT<br \/>\nELLE<br \/>\nFINANCIAL TIMES<br \/>\nFOCUS<br \/>\nFrankfurter Rundschau<br \/>\nGEO<br \/>\nGl\u00fcckspost<br \/>\nL&#8217;EXPRESS<br \/>\nLa Tribune Geneve<br \/>\nLe Figaro<br \/>\nLE MATIN<br \/>\nLE TEMPS<br \/>\nMIGROS MAGAZIN<br \/>\nNATIONAL GEOGRAPHIC<br \/>\nNeue Z\u00fcrcher Zeitung<br \/>\nNIKON pro<br \/>\nNZZ am Sonntag<br \/>\nNZZ folio<br \/>\nSCHWEIZER FAMILIE<br \/>\nSonntags Blick<br \/>\nSonntags Zeitung<br \/>\nSPIRIT Magazin<br \/>\nSt Galler Tagblatt<br \/>\nSURPRISE<br \/>\nTages Anzeiger<br \/>\nTagesspiegel Berlin<br \/>\nThe New York Times<br \/>\nThe Sunday Daily Telegraph<\/p>\n<p>&nbsp;<\/p>\n<h2><strong>Auftragsarbeiten<\/strong><\/h2>\n<p>ACTELION<br \/>\nAfghanistan Institut<br \/>\nAllgemeine Lesegesellschaft Basel<br \/>\nalphaville<br \/>\nArchitekten Wenger Partner<br \/>\nARTree Gallery<br \/>\nBaschi D\u00fcrr<br \/>\nBasel Tattoo<br \/>\nBasilea PHARMACEUTICA<br \/>\nBasler Polizei<br \/>\nBasler Regierungsrat<br \/>\nBAYER<br \/>\nBeat Stauffer, Journalist<br \/>\nBlack Diamond<br \/>\nBlaues Kreuz Basel-Stadt<br \/>\nCHRONOS MOVEMENT TANZSTUDIOS<br \/>\nClaudia Hostettler &#8211; Pianistin<br \/>\nCSI Basel<br \/>\nDie Gr\u00fcnen<br \/>\nDr. Alexander Deckart<br \/>\nDr. Erika Ozon<br \/>\nDr. Peter Thomi &#8211;\u00a0Institut f\u00fcr Indologie<br \/>\nDSM<br \/>\nenergiegas<br \/>\nEurop\u00e4ischer Kulturpreis &#8211; Fondation Beyeler \/ Stadt Casino<br \/>\nFamilienpass<br \/>\nFondation Beyeler<br \/>\nFraunhofer Institut<br \/>\nGemeinschaftspraxis Dr. Christian Kallenberger &amp; Dr.Karahan Dervisoglu<br \/>\nGisela Kutter &amp; Walter von Wartburg<br \/>\ngruner Architekten<br \/>\nHaecky Wine<br \/>\nHeilsarmee Basel<br \/>\nHerztage<br \/>\nHespera Quartett<br \/>\nHIESTAND<br \/>\nHotel Bildungszentrum 21<br \/>\nIn Job Basel<br \/>\nINTERBIT<br \/>\nIP &#8211; Martin Vosseler<br \/>\nJura Tourismus<br \/>\nJustiz- und Sicherheitsdepartement Basel-Stadt<br \/>\nKabarettist Frank Sauer<br \/>\nKabarettist Joachim Rittmeyer<br \/>\nKabarettist Matthias Deutschmann<br \/>\nKabarettistin Angela Buddecke<br \/>\nKatharina Adjecha<br \/>\nKeystone<br \/>\nKinderwunsch &#8211; Zentrum Basel<br \/>\nKleenex<br \/>\nLID.CH<br \/>\nMANOR<br \/>\nMEDGATE<br \/>\nMESSNER OPTIK Basel<br \/>\nNEF Autohaus<br \/>\nNIVEA &#8211; GL Thomas Lichtblau<br \/>\nNOVARTIS<br \/>\nP\u00e4dagogische Hochschule Z\u00fcrich<br \/>\nPINK TRAVEL<br \/>\nRegula St\u00e4mpfli, Politologin<br \/>\nRen\u00e9 Wohlhauser &#8211; Komponist, Pianist, Schriftsteller, Musikp\u00e4dagoge<br \/>\nROCHE<br \/>\nRoom Escape Basel<br \/>\nRoschi + Partner AG<br \/>\ns\u2018isch im fluss<br \/>\nSchulthess Klinik<br \/>\nSony<br \/>\nStocker Weine<br \/>\nSVA Baselland<br \/>\nSWICA Versicherungen<br \/>\nSWISS GAS<br \/>\nSWISS INNOVATION FORUM 2009<br \/>\nSWISSPORT International<br \/>\nTeufelhof<br \/>\nThe H\u00f6heners &#8211; Bioladen<br \/>\nUlrich Blumenbach &#8211;\u00a0\u00a0 Literarischer \u00dcbersetzer<br \/>\nUNESCO<br \/>\nUniversit\u00e4t Freiburg Breisgau<br \/>\nUnser Bier<br \/>\nvelod\u00e4cher.ch<br \/>\nvilla Mobile<br \/>\nVino Casa Lo Alto<br \/>\nWaschb\u00e4r Versand<br \/>\nwitty-tec<br \/>\nX-Challenge Z\u00fcrich<\/p>\n","protected":false},"excerpt":{"rendered":"<p>Friedel Ammann wurde 1959 in Basel geboren. Nach der Schulzeit und den Lehrjahren begann er 1977 mit Extremklettern und Alpinismus.1981 startete er seine ersten Reisen mit dem Velo quer durch Europa, sp\u00e4ter weltweit: Tunesien, Algerien, Malawi, Senegal, S\u00fcdafrika, Indonesien, Philippinen, Afghanistan, die Fotokamera immer dabei. Friedel Ammann lernte dank Hilfe befreundeter Fotografen, durch Fachliteratur und intensiver Dunkelkammerarbeit das fotografische Handwerk. Er studierte insbesondere die Arbeiten von Ansel Adams, Henri Cartier-Bresson, Josef Koudelka und Werner Bischof. Friedel Ammann besitzt bis heute keine formal bescheinigten Qualifikationen als Fotograf. 1985 Mitgr\u00fcnder des Reiseausr\u00fcsters Transa Backpacking Basel, dabei lernte er Werk und Biografie von Richard Buckminster Fuller und Bill Moss kennen. Moss \u2013 Museum of Modern Art, New York: \u00abEin Zelt ist f\u00fcr mich ein moderner Kunstgegenstand, in den man hineingehen kann\u00bb. Als Hommage stellte Friedel Ammann 1989 im Kunstmuseum Basel zwischen Kunstwerken von Rodin und Hans Arp deren geod\u00e4tische und anthropometrische Zelte aus&#8230;<\/p>\n","protected":false},"author":1,"featured_media":0,"parent":0,"menu_order":0,"comment_status":"closed","ping_status":"closed","template":"","meta":[],"_links":{"self":[{"href":"https:\/\/friedel-ammann.com\/wp\/index.php?rest_route=\/wp\/v2\/pages\/99247"}],"collection":[{"href":"https:\/\/friedel-ammann.com\/wp\/index.php?rest_route=\/wp\/v2\/pages"}],"about":[{"href":"https:\/\/friedel-ammann.com\/wp\/index.php?rest_route=\/wp\/v2\/types\/page"}],"author":[{"embeddable":true,"href":"https:\/\/friedel-ammann.com\/wp\/index.php?rest_route=\/wp\/v2\/users\/1"}],"replies":[{"embeddable":true,"href":"https:\/\/friedel-ammann.com\/wp\/index.php?rest_route=%2Fwp%2Fv2%2Fcomments&post=99247"}],"version-history":[{"count":19,"href":"https:\/\/friedel-ammann.com\/wp\/index.php?rest_route=\/wp\/v2\/pages\/99247\/revisions"}],"predecessor-version":[{"id":103924,"href":"https:\/\/friedel-ammann.com\/wp\/index.php?rest_route=\/wp\/v2\/pages\/99247\/revisions\/103924"}],"wp:attachment":[{"href":"https:\/\/friedel-ammann.com\/wp\/index.php?rest_route=%2Fwp%2Fv2%2Fmedia&parent=99247"}],"curies":[{"name":"wp","href":"https:\/\/api.w.org\/{rel}","templated":true}]}}